{"id":601,"date":"2019-10-12T15:39:01","date_gmt":"2019-10-12T13:39:01","guid":{"rendered":"http:\/\/guillaume-castel-archi.com\/?page_id=601"},"modified":"2020-04-28T13:24:36","modified_gmt":"2020-04-28T11:24:36","slug":"guignetrand-groupe-scolaire","status":"publish","type":"page","link":"https:\/\/guillaume-castel-archi.com\/?page_id=601","title":{"rendered":"Guignetrand Groupe scolaire"},"content":{"rendered":"<p class=\"has-text-align-justify\">Agence d&rsquo;Architecture F Guignetrand<\/p>\n<p><!-- \/wp:paragraph --><!-- wp:paragraph {\"align\":\"justify\"} --><\/p>\n<p><!-- \/wp:paragraph --><!-- wp:paragraph --><\/p>\n<p>Ma\u00eetrise d&rsquo;ouvrage : Mairie de Luzarches, b\u00e2timent existant<\/p>\n<p>R\u00e9novation d&rsquo;un groupe scolaire suite \u00e0 un sinistre \u00e0 Luzarches.<\/p>\n<p><!-- \/wp:paragraph --><!-- wp:paragraph --><\/p>\n<p>Surface = 1 100 m\u00b2<\/p>\n<p><!-- wp:paragraph --><\/p>\n<p>Livraison : 2017<\/p>\n<p><!-- \/wp:paragraph --><\/p>\n<p><!-- wp:paragraph --><\/p>\n<p><!-- \/wp:paragraph --><\/p>\n<p><!-- wp:paragraph --><\/p>\n<p><strong>R\u00f4le sur le projet<\/strong><\/p>\n<p><!-- \/wp:paragraph --><\/p>\n<p><!-- wp:paragraph --><\/p>\n<p>Architecte chef de projet,<\/p>\n<p><!-- \/wp:paragraph --><\/p>\n<p><!-- wp:paragraph --><\/p>\n<p>Suite \u00e0 des d\u00e9g\u00e2ts de toiture, la mairie \u00e0 effectuer plusieurs modifications de son \u00e9cole.<\/p>\n<p>La toiture en tuile a \u00e9t\u00e9 remplac\u00e9e par une toiture en zinc. La fa\u00e7ade en brique a \u00e9t\u00e9 doubl\u00e9 par un jeu de couleur. L&rsquo;ext\u00e9rieur a \u00e9t\u00e9 r\u00e9nov\u00e9 par un nouvel enduit, l&rsquo;int\u00e9rieur par un nouveau faux-plafond color\u00e9.<\/p>\n<p><!-- \/wp:paragraph --><\/p>\n<p><!-- wp:paragraph --><\/p>\n<p>Phases : APS, APD, PRO, DCE,<\/p>\n<p><!-- \/wp:paragraph --><\/p>\n<p><!-- wp:paragraph --><\/p>\n<p>Logiciel : Autocad,<\/p>\n<p><!-- \/wp:paragraph --><\/p>\n<p><!-- wp:paragraph --><\/p>\n<p>J&rsquo;ai constitu\u00e9 \u00e9galement un ensemble de d\u00e9tails et de propositions.<\/p>\n<p><!--EndFragment--><\/p>\n<p><!-- wp:gallery {\"ids\":[651,650,653,652],\"columns\":2,\"linkTo\":\"media\"} --><\/p>\n<ul class=\"wp-block-gallery columns-2 is-cropped\">\n<li class=\"blocks-gallery-item\">\n<figure><a href=\"http:\/\/guillaume-castel-archi.com\/wp-content\/uploads\/2019\/10\/luzar-2-1024x916.jpg\"><img decoding=\"async\" loading=\"lazy\" width=\"1024\" height=\"916\" src=\"http:\/\/guillaume-castel-archi.com\/wp-content\/uploads\/2019\/10\/luzar-2-1024x916.jpg\" alt=\"\" data-id=\"651\" data-link=\"http:\/\/guillaume-castel-archi.com\/?attachment_id=651\" class=\"wp-image-651\" srcset=\"https:\/\/guillaume-castel-archi.com\/wp-content\/uploads\/2019\/10\/luzar-2-1024x916.jpg 1024w, https:\/\/guillaume-castel-archi.com\/wp-content\/uploads\/2019\/10\/luzar-2-300x268.jpg 300w, https:\/\/guillaume-castel-archi.com\/wp-content\/uploads\/2019\/10\/luzar-2-768x687.jpg 768w\" sizes=\"(max-width: 767px) 89vw, (max-width: 1000px) 54vw, (max-width: 1071px) 543px, 580px\" \/><\/a><\/figure>\n<\/li>\n<li class=\"blocks-gallery-item\">\n<figure><a href=\"http:\/\/guillaume-castel-archi.com\/wp-content\/uploads\/2019\/10\/luzar-1-1024x750.jpg\"><img decoding=\"async\" loading=\"lazy\" width=\"1024\" height=\"750\" src=\"http:\/\/guillaume-castel-archi.com\/wp-content\/uploads\/2019\/10\/luzar-1-1024x750.jpg\" alt=\"\" data-id=\"650\" data-link=\"http:\/\/guillaume-castel-archi.com\/?attachment_id=650\" class=\"wp-image-650\" srcset=\"https:\/\/guillaume-castel-archi.com\/wp-content\/uploads\/2019\/10\/luzar-1-1024x750.jpg 1024w, https:\/\/guillaume-castel-archi.com\/wp-content\/uploads\/2019\/10\/luzar-1-300x220.jpg 300w, https:\/\/guillaume-castel-archi.com\/wp-content\/uploads\/2019\/10\/luzar-1-768x563.jpg 768w\" sizes=\"(max-width: 767px) 89vw, (max-width: 1000px) 54vw, (max-width: 1071px) 543px, 580px\" \/><\/a><\/figure>\n<\/li>\n<li class=\"blocks-gallery-item\">\n<figure><a href=\"http:\/\/guillaume-castel-archi.com\/wp-content\/uploads\/2019\/10\/luzar-4-1024x770.jpg\"><img decoding=\"async\" loading=\"lazy\" width=\"1024\" height=\"770\" src=\"http:\/\/guillaume-castel-archi.com\/wp-content\/uploads\/2019\/10\/luzar-4-1024x770.jpg\" alt=\"\" data-id=\"653\" data-link=\"http:\/\/guillaume-castel-archi.com\/?attachment_id=653\" class=\"wp-image-653\" srcset=\"https:\/\/guillaume-castel-archi.com\/wp-content\/uploads\/2019\/10\/luzar-4-1024x770.jpg 1024w, https:\/\/guillaume-castel-archi.com\/wp-content\/uploads\/2019\/10\/luzar-4-300x225.jpg 300w, https:\/\/guillaume-castel-archi.com\/wp-content\/uploads\/2019\/10\/luzar-4-768x577.jpg 768w\" sizes=\"(max-width: 767px) 89vw, (max-width: 1000px) 54vw, (max-width: 1071px) 543px, 580px\" \/><\/a><\/figure>\n<\/li>\n<li class=\"blocks-gallery-item\">\n<figure><a href=\"http:\/\/guillaume-castel-archi.com\/wp-content\/uploads\/2019\/10\/luzar-3-1024x768.jpg\"><img decoding=\"async\" loading=\"lazy\" width=\"1024\" height=\"768\" src=\"http:\/\/guillaume-castel-archi.com\/wp-content\/uploads\/2019\/10\/luzar-3-1024x768.jpg\" alt=\"\" data-id=\"652\" data-link=\"http:\/\/guillaume-castel-archi.com\/?attachment_id=652\" class=\"wp-image-652\" srcset=\"https:\/\/guillaume-castel-archi.com\/wp-content\/uploads\/2019\/10\/luzar-3-1024x768.jpg 1024w, https:\/\/guillaume-castel-archi.com\/wp-content\/uploads\/2019\/10\/luzar-3-300x225.jpg 300w, https:\/\/guillaume-castel-archi.com\/wp-content\/uploads\/2019\/10\/luzar-3-768x576.jpg 768w\" sizes=\"(max-width: 767px) 89vw, (max-width: 1000px) 54vw, (max-width: 1071px) 543px, 580px\" \/><\/a><\/figure>\n<\/li>\n<\/ul>\n<p><!-- \/wp:gallery --><\/p>\n<p><!-- wp:gallery {\"ids\":[647,646,649,648],\"columns\":2,\"linkTo\":\"media\"} --><\/p>\n<ul class=\"wp-block-gallery columns-2 is-cropped\">\n<li class=\"blocks-gallery-item\">\n<figure><a href=\"http:\/\/guillaume-castel-archi.com\/wp-content\/uploads\/2019\/10\/luz-2-768x1024.jpg\"><img decoding=\"async\" loading=\"lazy\" width=\"768\" height=\"1024\" src=\"http:\/\/guillaume-castel-archi.com\/wp-content\/uploads\/2019\/10\/luz-2-768x1024.jpg\" alt=\"\" data-id=\"647\" data-link=\"http:\/\/guillaume-castel-archi.com\/?attachment_id=647\" class=\"wp-image-647\" srcset=\"https:\/\/guillaume-castel-archi.com\/wp-content\/uploads\/2019\/10\/luz-2-768x1024.jpg 768w, https:\/\/guillaume-castel-archi.com\/wp-content\/uploads\/2019\/10\/luz-2-225x300.jpg 225w\" sizes=\"(max-width: 767px) 89vw, (max-width: 1000px) 54vw, (max-width: 1071px) 543px, 580px\" \/><\/a><\/figure>\n<\/li>\n<li class=\"blocks-gallery-item\">\n<figure><a href=\"http:\/\/guillaume-castel-archi.com\/wp-content\/uploads\/2019\/10\/luz-1-768x1024.jpg\"><img decoding=\"async\" loading=\"lazy\" width=\"768\" height=\"1024\" src=\"http:\/\/guillaume-castel-archi.com\/wp-content\/uploads\/2019\/10\/luz-1-768x1024.jpg\" alt=\"\" data-id=\"646\" data-link=\"http:\/\/guillaume-castel-archi.com\/?attachment_id=646\" class=\"wp-image-646\" srcset=\"https:\/\/guillaume-castel-archi.com\/wp-content\/uploads\/2019\/10\/luz-1-768x1024.jpg 768w, https:\/\/guillaume-castel-archi.com\/wp-content\/uploads\/2019\/10\/luz-1-225x300.jpg 225w\" sizes=\"(max-width: 767px) 89vw, (max-width: 1000px) 54vw, (max-width: 1071px) 543px, 580px\" \/><\/a><\/figure>\n<\/li>\n<li class=\"blocks-gallery-item\">\n<figure><a href=\"http:\/\/guillaume-castel-archi.com\/wp-content\/uploads\/2019\/10\/luz-4-768x1024.jpg\"><img decoding=\"async\" loading=\"lazy\" width=\"768\" height=\"1024\" src=\"http:\/\/guillaume-castel-archi.com\/wp-content\/uploads\/2019\/10\/luz-4-768x1024.jpg\" alt=\"\" data-id=\"649\" data-link=\"http:\/\/guillaume-castel-archi.com\/?attachment_id=649\" class=\"wp-image-649\" srcset=\"https:\/\/guillaume-castel-archi.com\/wp-content\/uploads\/2019\/10\/luz-4-768x1024.jpg 768w, https:\/\/guillaume-castel-archi.com\/wp-content\/uploads\/2019\/10\/luz-4-225x300.jpg 225w\" sizes=\"(max-width: 767px) 89vw, (max-width: 1000px) 54vw, (max-width: 1071px) 543px, 580px\" \/><\/a><\/figure>\n<\/li>\n<li class=\"blocks-gallery-item\">\n<figure><a href=\"http:\/\/guillaume-castel-archi.com\/wp-content\/uploads\/2019\/10\/luz-3-768x1024.jpg\"><img decoding=\"async\" loading=\"lazy\" width=\"768\" height=\"1024\" src=\"http:\/\/guillaume-castel-archi.com\/wp-content\/uploads\/2019\/10\/luz-3-768x1024.jpg\" alt=\"\" data-id=\"648\" data-link=\"http:\/\/guillaume-castel-archi.com\/?attachment_id=648\" class=\"wp-image-648\" srcset=\"https:\/\/guillaume-castel-archi.com\/wp-content\/uploads\/2019\/10\/luz-3-768x1024.jpg 768w, https:\/\/guillaume-castel-archi.com\/wp-content\/uploads\/2019\/10\/luz-3-225x300.jpg 225w\" sizes=\"(max-width: 767px) 89vw, (max-width: 1000px) 54vw, (max-width: 1071px) 543px, 580px\" \/><\/a><\/figure>\n<\/li>\n<\/ul>\n<p><!-- \/wp:gallery --><\/p>\n\n<!-- wp:image {\"id\":795,\"width\":113,\"height\":113,\"sizeSlug\":\"thumbnail\"} -->\n<figure class=\"wp-block-image size-thumbnail is-resized\"><a href=\"https:\/\/archipiade.fr\/rem\/\" target=\"_blank\" rel=\"noopener noreferrer\"><img decoding=\"async\" loading=\"lazy\" src=\"http:\/\/guillaume-castel-archi.com\/wp-content\/uploads\/2019\/10\/Etat-Projet\u00e9-150x150.jpg\" alt=\"\" class=\"wp-image-795\" width=\"113\" height=\"113\" srcset=\"https:\/\/guillaume-castel-archi.com\/wp-content\/uploads\/2019\/10\/Etat-Projet\u00e9-150x150.jpg 150w, https:\/\/guillaume-castel-archi.com\/wp-content\/uploads\/2019\/10\/Etat-Projet\u00e9-100x100.jpg 100w\" sizes=\"(max-width: 113px) 100vw, 113px\" \/><\/a><figcaption>Voir le projet sur le site Archipiade<\/figcaption><\/figure>\n<!-- \/wp:image -->\n\n<!-- wp:paragraph -->\n<p><\/p>\n<!-- \/wp:paragraph -->","protected":false},"excerpt":{"rendered":"<p>Agence d&rsquo;Architecture F Guignetrand Ma\u00eetrise d&rsquo;ouvrage : Mairie de Luzarches, b\u00e2timent existant R\u00e9novation d&rsquo;un groupe scolaire suite \u00e0 un sinistre \u00e0 Luzarches. Surface = 1 100 m\u00b2 Livraison : 2017 R\u00f4le sur le projet Architecte chef de projet, Suite \u00e0 des d\u00e9g\u00e2ts de toiture, la mairie \u00e0 effectuer plusieurs modifications de son \u00e9cole. La toiture &hellip; <\/p>\n<p class=\"link-more\"><a href=\"https:\/\/guillaume-castel-archi.com\/?page_id=601\" class=\"more-link\">Continuer la lecture<span class=\"screen-reader-text\"> de &laquo;&nbsp;Guignetrand Groupe scolaire&nbsp;&raquo;<\/span><\/a><\/p>\n","protected":false},"author":1,"featured_media":0,"parent":197,"menu_order":0,"comment_status":"closed","ping_status":"closed","template":"","meta":[],"_links":{"self":[{"href":"https:\/\/guillaume-castel-archi.com\/index.php?rest_route=\/wp\/v2\/pages\/601"}],"collection":[{"href":"https:\/\/guillaume-castel-archi.com\/index.php?rest_route=\/wp\/v2\/pages"}],"about":[{"href":"https:\/\/guillaume-castel-archi.com\/index.php?rest_route=\/wp\/v2\/types\/page"}],"author":[{"embeddable":true,"href":"https:\/\/guillaume-castel-archi.com\/index.php?rest_route=\/wp\/v2\/users\/1"}],"replies":[{"embeddable":true,"href":"https:\/\/guillaume-castel-archi.com\/index.php?rest_route=%2Fwp%2Fv2%2Fcomments&post=601"}],"version-history":[{"count":7,"href":"https:\/\/guillaume-castel-archi.com\/index.php?rest_route=\/wp\/v2\/pages\/601\/revisions"}],"predecessor-version":[{"id":1209,"href":"https:\/\/guillaume-castel-archi.com\/index.php?rest_route=\/wp\/v2\/pages\/601\/revisions\/1209"}],"up":[{"embeddable":true,"href":"https:\/\/guillaume-castel-archi.com\/index.php?rest_route=\/wp\/v2\/pages\/197"}],"wp:attachment":[{"href":"https:\/\/guillaume-castel-archi.com\/index.php?rest_route=%2Fwp%2Fv2%2Fmedia&parent=601"}],"curies":[{"name":"wp","href":"https:\/\/api.w.org\/{rel}","templated":true}]}}