{"id":603,"date":"2019-10-12T15:40:03","date_gmt":"2019-10-12T13:40:03","guid":{"rendered":"http:\/\/guillaume-castel-archi.com\/?page_id=603"},"modified":"2020-04-28T12:46:40","modified_gmt":"2020-04-28T10:46:40","slug":"guignetrand-99-logements","status":"publish","type":"page","link":"https:\/\/guillaume-castel-archi.com\/?page_id=603","title":{"rendered":"Guignetrand 83 logements"},"content":{"rendered":"\n<figure class=\"wp-block-gallery columns-3 is-cropped wp-block-gallery-1 is-layout-flex\"><ul class=\"blocks-gallery-grid\"><li class=\"blocks-gallery-item\"><figure><img decoding=\"async\" loading=\"lazy\" width=\"1024\" height=\"518\" src=\"http:\/\/guillaume-castel-archi.com\/wp-content\/uploads\/2019\/10\/Nogent-1-1024x518.jpg\" alt=\"\" data-id=\"801\" data-link=\"http:\/\/guillaume-castel-archi.com\/?attachment_id=801\" class=\"wp-image-801\" srcset=\"https:\/\/guillaume-castel-archi.com\/wp-content\/uploads\/2019\/10\/Nogent-1-1024x518.jpg 1024w, https:\/\/guillaume-castel-archi.com\/wp-content\/uploads\/2019\/10\/Nogent-1-300x152.jpg 300w, https:\/\/guillaume-castel-archi.com\/wp-content\/uploads\/2019\/10\/Nogent-1-768x388.jpg 768w\" sizes=\"(max-width: 767px) 89vw, (max-width: 1000px) 54vw, (max-width: 1071px) 543px, 580px\" \/><\/figure><\/li><li class=\"blocks-gallery-item\"><figure><img decoding=\"async\" loading=\"lazy\" width=\"1024\" height=\"684\" src=\"http:\/\/guillaume-castel-archi.com\/wp-content\/uploads\/2019\/10\/Nogent-2-1024x684.jpg\" alt=\"\" data-id=\"802\" data-link=\"http:\/\/guillaume-castel-archi.com\/?attachment_id=802\" class=\"wp-image-802\" srcset=\"https:\/\/guillaume-castel-archi.com\/wp-content\/uploads\/2019\/10\/Nogent-2-1024x684.jpg 1024w, https:\/\/guillaume-castel-archi.com\/wp-content\/uploads\/2019\/10\/Nogent-2-300x200.jpg 300w, https:\/\/guillaume-castel-archi.com\/wp-content\/uploads\/2019\/10\/Nogent-2-768x513.jpg 768w\" sizes=\"(max-width: 767px) 89vw, (max-width: 1000px) 54vw, (max-width: 1071px) 543px, 580px\" \/><\/figure><\/li><li class=\"blocks-gallery-item\"><figure><img decoding=\"async\" loading=\"lazy\" width=\"1024\" height=\"684\" src=\"http:\/\/guillaume-castel-archi.com\/wp-content\/uploads\/2019\/10\/Nogent-3-1024x684.jpg\" alt=\"\" data-id=\"803\" data-link=\"http:\/\/guillaume-castel-archi.com\/?attachment_id=803\" class=\"wp-image-803\" srcset=\"https:\/\/guillaume-castel-archi.com\/wp-content\/uploads\/2019\/10\/Nogent-3-1024x684.jpg 1024w, https:\/\/guillaume-castel-archi.com\/wp-content\/uploads\/2019\/10\/Nogent-3-300x200.jpg 300w, https:\/\/guillaume-castel-archi.com\/wp-content\/uploads\/2019\/10\/Nogent-3-768x513.jpg 768w\" sizes=\"(max-width: 767px) 89vw, (max-width: 1000px) 54vw, (max-width: 1071px) 543px, 580px\" \/><\/figure><\/li><li class=\"blocks-gallery-item\"><figure><img decoding=\"async\" loading=\"lazy\" width=\"1024\" height=\"555\" src=\"http:\/\/guillaume-castel-archi.com\/wp-content\/uploads\/2019\/10\/Nogent-4-1024x555.jpg\" alt=\"\" data-id=\"804\" data-link=\"http:\/\/guillaume-castel-archi.com\/?attachment_id=804\" class=\"wp-image-804\" srcset=\"https:\/\/guillaume-castel-archi.com\/wp-content\/uploads\/2019\/10\/Nogent-4-1024x555.jpg 1024w, https:\/\/guillaume-castel-archi.com\/wp-content\/uploads\/2019\/10\/Nogent-4-300x163.jpg 300w, https:\/\/guillaume-castel-archi.com\/wp-content\/uploads\/2019\/10\/Nogent-4-768x416.jpg 768w\" sizes=\"(max-width: 767px) 89vw, (max-width: 1000px) 54vw, (max-width: 1071px) 543px, 580px\" \/><\/figure><\/li><li class=\"blocks-gallery-item\"><figure><img decoding=\"async\" loading=\"lazy\" width=\"768\" height=\"1024\" src=\"http:\/\/guillaume-castel-archi.com\/wp-content\/uploads\/2019\/10\/Nogent-5-768x1024.jpg\" alt=\"\" data-id=\"805\" data-link=\"http:\/\/guillaume-castel-archi.com\/?attachment_id=805\" class=\"wp-image-805\" srcset=\"https:\/\/guillaume-castel-archi.com\/wp-content\/uploads\/2019\/10\/Nogent-5-768x1024.jpg 768w, https:\/\/guillaume-castel-archi.com\/wp-content\/uploads\/2019\/10\/Nogent-5-225x300.jpg 225w\" sizes=\"(max-width: 767px) 89vw, (max-width: 1000px) 54vw, (max-width: 1071px) 543px, 580px\" \/><\/figure><\/li><\/ul><\/figure>\n\n\n<p class=\"has-text-align-justify\">Agence d&rsquo;Architecture F Guignetrand<\/p>\n<p><!-- \/wp:paragraph --><!-- wp:paragraph {\"align\":\"justify\"} --><\/p>\n<p><!-- \/wp:paragraph --><!-- wp:paragraph --><\/p>\n<p>Ma\u00eetrise d&rsquo;ouvrage : OPAC de l&rsquo;Oise, b\u00e2timents neufs<\/p>\n<p>Mixte 2 r\u00e9sidences de logements, 18 logements jumel\u00e9s et 9 logements individuels&nbsp; \u00e0 Nogent-sur-Oise.<\/p>\n<p><!-- \/wp:paragraph --><!-- wp:paragraph --><\/p>\n<p>Surface = 6 900 m\u00b2<\/p>\n<p><!-- wp:paragraph --><\/p>\n<p>Livraison : 2016<\/p>\n<p><!-- \/wp:paragraph --><\/p>\n<p><!-- wp:paragraph --><\/p>\n<p>Entreprise mandataire : Eiffage construction<\/p>\n<p><!-- \/wp:paragraph --><\/p>\n<p><!-- wp:paragraph --><\/p>\n<p><strong>R\u00f4le sur le projet<\/strong><\/p>\n<p><!-- \/wp:paragraph --><\/p>\n<p><!-- wp:paragraph --><\/p>\n<p>Architecte chef de projet,<\/p>\n<p><!-- \/wp:paragraph --><\/p>\n<p><!-- wp:paragraph --><\/p>\n<p>VISA, OPR, mise \u00e0 jour des plans fin de construction, Plans de location.<\/p>\n<p><!-- \/wp:paragraph --><\/p>\n<p><!-- wp:paragraph --><\/p>\n<p>Phases : EXE, PCM<\/p>\n<p><!-- \/wp:paragraph --><\/p>\n<p><!-- wp:paragraph --><\/p>\n<p>Logiciel : Autocad,<\/p>\n<p><!-- \/wp:paragraph --><\/p>\n<p><!-- wp:paragraph --><\/p>\n<p><!-- \/wp:paragraph --><\/p>\n<p><!-- wp:paragraph --><\/p>\n<p><!--EndFragment--><\/p>\n\n<!-- wp:image {\"id\":811,\"width\":113,\"height\":113,\"sizeSlug\":\"thumbnail\"} -->\n<figure class=\"wp-block-image size-thumbnail is-resized\"><a href=\"https:\/\/archipiade.fr\/n83\/\" target=\"_blank\" rel=\"noopener noreferrer\"><img decoding=\"async\" loading=\"lazy\" src=\"http:\/\/guillaume-castel-archi.com\/wp-content\/uploads\/2019\/10\/N83-Batiment-A-150x150.jpg\" alt=\"\" class=\"wp-image-811\" width=\"113\" height=\"113\" srcset=\"https:\/\/guillaume-castel-archi.com\/wp-content\/uploads\/2019\/10\/N83-Batiment-A-150x150.jpg 150w, https:\/\/guillaume-castel-archi.com\/wp-content\/uploads\/2019\/10\/N83-Batiment-A-100x100.jpg 100w\" sizes=\"(max-width: 113px) 100vw, 113px\" \/><\/a><figcaption>Voir le projet sur le site Archipiade<\/figcaption><\/figure>\n<!-- \/wp:image -->","protected":false},"excerpt":{"rendered":"<p>Agence d&rsquo;Architecture F Guignetrand Ma\u00eetrise d&rsquo;ouvrage : OPAC de l&rsquo;Oise, b\u00e2timents neufs Mixte 2 r\u00e9sidences de logements, 18 logements jumel\u00e9s et 9 logements individuels&nbsp; \u00e0 Nogent-sur-Oise. Surface = 6 900 m\u00b2 Livraison : 2016 Entreprise mandataire : Eiffage construction R\u00f4le sur le projet Architecte chef de projet, VISA, OPR, mise \u00e0 jour des plans fin &hellip; <\/p>\n<p class=\"link-more\"><a href=\"https:\/\/guillaume-castel-archi.com\/?page_id=603\" class=\"more-link\">Continuer la lecture<span class=\"screen-reader-text\"> de &laquo;&nbsp;Guignetrand 83 logements&nbsp;&raquo;<\/span><\/a><\/p>\n","protected":false},"author":1,"featured_media":0,"parent":197,"menu_order":0,"comment_status":"closed","ping_status":"closed","template":"","meta":[],"_links":{"self":[{"href":"https:\/\/guillaume-castel-archi.com\/index.php?rest_route=\/wp\/v2\/pages\/603"}],"collection":[{"href":"https:\/\/guillaume-castel-archi.com\/index.php?rest_route=\/wp\/v2\/pages"}],"about":[{"href":"https:\/\/guillaume-castel-archi.com\/index.php?rest_route=\/wp\/v2\/types\/page"}],"author":[{"embeddable":true,"href":"https:\/\/guillaume-castel-archi.com\/index.php?rest_route=\/wp\/v2\/users\/1"}],"replies":[{"embeddable":true,"href":"https:\/\/guillaume-castel-archi.com\/index.php?rest_route=%2Fwp%2Fv2%2Fcomments&post=603"}],"version-history":[{"count":5,"href":"https:\/\/guillaume-castel-archi.com\/index.php?rest_route=\/wp\/v2\/pages\/603\/revisions"}],"predecessor-version":[{"id":1199,"href":"https:\/\/guillaume-castel-archi.com\/index.php?rest_route=\/wp\/v2\/pages\/603\/revisions\/1199"}],"up":[{"embeddable":true,"href":"https:\/\/guillaume-castel-archi.com\/index.php?rest_route=\/wp\/v2\/pages\/197"}],"wp:attachment":[{"href":"https:\/\/guillaume-castel-archi.com\/index.php?rest_route=%2Fwp%2Fv2%2Fmedia&parent=603"}],"curies":[{"name":"wp","href":"https:\/\/api.w.org\/{rel}","templated":true}]}}